{"version":"1.0","provider_name":"MyWay... MyFaith...","provider_url":"https:\/\/moravcsikandi.cafeblog.hu","author_name":"Moravcsik Andrea","author_url":"https:\/\/moravcsikandi.cafeblog.hu\/author\/aspiskigyo48gmail-com\/","title":"Ki vagy?","html":"<p><em><strong><a href=\"https:\/\/moravcsikandi.cafeblog.hu\/files\/2016\/04\/3231_1.jpg\"><img class=\"alignnone size-medium wp-image-184\" src=\"https:\/\/moravcsikandi.cafeblog.hu\/files\/2016\/04\/3231_1-300x300.jpg\" alt=\"3231_1\" width=\"300\" height=\"300\" \/><\/a><\/strong><\/em><\/p>\r\n<p><strong><em>\"Tudom, mi a tejben a l\u00e9gy,<\/em><\/strong><br \/><strong><em>tudom, ruha teszi az embert,<\/em><\/strong><br \/><strong><em>tudom, az \u00faj tavasz mi sz\u00e9p,<\/em><\/strong><br \/><strong><em>tudom, mely gy\u00fcm\u00f6lcs merre termett,<\/em><\/strong><br \/><strong><em>tudom, mely f\u00e1n mily gyanta serked,<\/em><\/strong><br \/><strong><em>tudom, hogy minden egy dolog,<\/em><\/strong><br \/><strong><em>tudom a munk\u00e1t, lusta kedvet;<\/em><\/strong><br \/><strong><em>csak azt nem tudom, kivagyok.\" (Francois Villon: Apr\u00f3 k\u00e9pek ballad\u00e1ja)<\/em><\/strong><\/p>\r\n<p style=\"text-align: justify\">K\u00f6z\u00e9piskol\u00e1s korom \u00f3ta ez a kedvenc id\u00e9zetem. Minden f\u00fczetem elej\u00e9re fel\u00edrtam, nem csoda, hogy most is k\u00edv\u00fclr\u0151l tudom. Hi\u00e1ba telt el rengeteg \u00e9v, a k\u00e9rd\u00e9s, hogy ki is vagyok, m\u00e9g mindig foglalkoztat, \u00e9s gondolom, ezzel nem vagyok egyed\u00fcl, hiszen ez az \u00e9let igazi k\u00e9rd\u00e9se. \u00c9l benn\u00fcnk egy k\u00e9p magunkr\u00f3l, hogy milyenek vagyunk, val\u00f3j\u00e1ban azonban nem is biztos, hogy az a val\u00f3s\u00e1got mutatja, ink\u00e1bb azt, amilyennek m\u00e1sok l\u00e1tnak minket. De persze ez nem v\u00e1lasz arra a k\u00e9rd\u00e9sre, hogy KI VAGY.\u00a0<\/p>\r\n<p style=\"text-align: justify\">Ezt a p\u00e9ld\u00e1zatot egyszer kitettem a Facebook oldalamra, akkor el\u00e9g \u00a0sok bar\u00e1tommal pr\u00f3b\u00e1ltunk v\u00e9g\u00e9re j\u00e1rni a dolognak, \u00fagy \u00a0gondoltam, be\u00edrom ide is, mert meg\u00e9r m\u00e9g egy mis\u00e9t.<\/p>\r\n<p style=\"text-align: justify\">\"Ki vagy?<\/p>\r\n<p style=\"text-align: justify\"><em>A k\u00f3m\u00e1ban fekv\u0151 asszony haldoklott. Hirtelen az volt az \u00e9rz\u00e9se, hogy felvitt\u00e9k az \u00e9gbe<\/em><br \/><em> \u00e9s ott \u00e1llt az \u00d6r\u00f6k Atya igazs\u00e1got szolg\u00e1ltat\u00f3 sz\u00e9ke el\u0151tt.<\/em><br \/><em> - Ki vagy te? - k\u00e9rdezte egy hang.<\/em><br \/><em> - A polg\u00e1rmester feles\u00e9ge - v\u00e1laszolta az asszony.<\/em><br \/><em> - Nem azt k\u00e9rdeztem, hogy kinek a feles\u00e9ge vagy, hanem azt, hogy ki vagy.<\/em><br \/><em> - N\u00e9gy gyermek anyja.<\/em><br \/><em> - Nem azt k\u00e9rdeztem, hogy kinek az anyja vagy, hanem, hogy ki vagy.<\/em><br \/><em> - Tan\u00edt\u00f3n\u0151 vagyok.<\/em><br \/><em> - Nem a foglalkoz\u00e1sod k\u00e9rdeztem, hanem azt, hogy ki vagy.<\/em><br \/><em> \u00c9s ez \u00edgy ment tov\u00e1bb. B\u00e1rmit is v\u00e1laszolt, \u00fagy t\u0171nt, hogy nem a megfelel\u0151 v\u00e1laszt<\/em><br \/><em> adta arra a k\u00e9rd\u00e9sre, hogy ki is \u0151.<\/em><br \/><em> - Kereszt\u00e9ny vagyok.<\/em><br \/><em> - Nem a vall\u00e1sodat k\u00e9rdeztem, hanem azt, hogy ki vagy te.<\/em><br \/><em> - \u00c9n az vagyok, aki mindennap a templomba ment, \u00e9s mindig seg\u00edtette a szeg\u00e9nyeket<\/em><br \/><em> \u00e9s a r\u00e1szorul\u00f3kat.<\/em><br \/><em> - Nem azt k\u00e9rdeztem, hogy mit tett\u00e9l, hanem hogy ki vagy.<\/em><br \/><em> V\u00e9g\u00fcl is megbukott a vizsg\u00e1n \u00e9s visszak\u00fcldt\u00e9k a F\u00f6ldre. Amikor felgy\u00f3gyult<\/em><br \/><em> betegs\u00e9g\u00e9b\u0151l, elhat\u00e1rozta, hogy ut\u00e1naj\u00e1r: ki is \u0151? \u00c9s ez nagyon megv\u00e1ltoztatta az<\/em><br \/><em> \u00e9let\u00e9t. \" (Anthony de Mello)<\/em><\/p>\r\n<p style=\"text-align: justify\">Ha mindezt t\u0151lem megk\u00e9rdezn\u00e9k, nagyj\u00e1b\u00f3l \u00e9n is hasonl\u00f3 v\u00e1laszt adn\u00e9k. Gyerek, unoka, anya, feles\u00e9g, bar\u00e1t, szomsz\u00e9d, h\u00edv\u0151, tan\u00e1r, tanul\u00f3, beosztott, f\u0151n\u00f6k...K\u00fcl\u00f6nb\u00f6z\u0151 \u00e9letszakaszokban m\u00e1s \u00e9s m\u00e1s domin\u00e1l.<\/p>\r\n<p style=\"text-align: justify\">Veletek ez hogy van?<\/p>\r\n<p style=\"text-align: justify\">FOLYT. K\u00d6V:!\u00a0<\/p>","type":"rich"}