{"version":"1.0","provider_name":"MyWay... MyFaith...","provider_url":"https:\/\/moravcsikandi.cafeblog.hu","author_name":"Moravcsik Andrea","author_url":"https:\/\/moravcsikandi.cafeblog.hu\/author\/aspiskigyo48gmail-com\/","title":"R\u00e9gen tan\u00e1r voltam","html":"<p><a href=\"https:\/\/moravcsikandi.cafeblog.hu\/files\/2018\/01\/tanar.jpg\"><img class=\"alignnone size-medium wp-image-2351\" src=\"https:\/\/moravcsikandi.cafeblog.hu\/files\/2018\/01\/tanar-300x212.jpg\" alt=\"\" width=\"300\" height=\"212\" \/><\/a><\/p>\r\n<p style=\"text-align: justify\">\"<strong>A vil\u00e1g megismer\u00e9se \u00e9rdekes, hasznos, gy\u00f6ny\u00f6rk\u00f6dtet\u0151, f\u00e9lelmes vagy tanuls\u00e1gos; \u00f6nmagunk megismer\u00e9se a legnagyobb utaz\u00e1s, a legf\u00e9lelmesebb felfedez\u00e9s, a legtanuls\u00e1gosabb tal\u00e1lkoz\u00e1s.\u201d (M\u00e1rai S\u00e1ndor)<\/strong><\/p>\r\n<p style=\"text-align: justify\">Ma \u00fagy \u00e9bredtem, hogy egy kicsit szentiment\u00e1lis leszek, \u00e9s k\u00f6zz\u00e9teszem egy r\u00e9gi \u00edr\u00e1som. Kicsit ny\u00e1las, tudom, de hirtelen aktu\u00e1liss\u00e1 v\u00e1lt . :)<\/p>\r\n<p style=\"text-align: justify\">Di\u00e1kl\u00e9t\u2026, Tan\u00e1rl\u00e9t\u2026 \u2013 bennem valamikor\u00a0 szerves eg\u00e9szet alkotott ez\u00a0 a k\u00e9t dolog, \u00e9s tudat alatt kihatott a tov\u00e1bbi \u00e9letemre is. Gyan\u00edtom, nem \u00e9n vagyok az egyetlen, aki k\u00e9s\u0151bb ugyanabban az iskol\u00e1ban tan\u00edtott, ahol kor\u00e1bban di\u00e1k volt. Ki \u00edgy, ki \u00fagy \u00e9li \u00e1t az ezzel j\u00e1r\u00f3 \u00e9rdekes szitu\u00e1ci\u00f3kat, \u00e9rz\u00e9seket.<\/p>\r\n<p style=\"text-align: justify\">Sz\u00e1momra az els\u0151, s egyben legeml\u00e9kezetesebb \u00e9rz\u00e9st egy gyermekvers kezd\u0151 sor\u00e1val tudom illusztr\u00e1lni: \u201e<em>Els\u0151 nap az iskol\u00e1ban, padban \u00fcl\u00f6k, figyelek, nem moccantom fejem, l\u00e1bam \u2013 nagy dolog ez gyerekek!<\/em>\u201d M\u00e1ig elevenen \u00e9l bennem az els\u0151 nap eml\u00e9ke. Els\u0151 pillanatban az \u00e9p\u00fclet, az ott l\u00e9v\u0151 tengernyi tan\u00e1r, di\u00e1k, az eg\u00e9sz szitu\u00e1ci\u00f3, egyszerre keltett bennem f\u00e9lelmet, izgalmat, k\u00edv\u00e1ncsis\u00e1got. K\u00e9s\u0151bb ugyanaz az \u00e9p\u00fclet, a tantermek megszokott\u00e1, term\u00e9szetess\u00e9, mintegy m\u00e1sodik otthonomm\u00e1 v\u00e1ltak. Nyolcadik ut\u00e1n n\u00e9ha m\u00e9g vissza-visszaj\u00e1rtam a r\u00e9gi suliba, de azt\u00e1n a l\u00e1togat\u00e1sok sz\u00e9p lassan elmaradtak. Eg\u00e9szen addig, m\u00edg f\u0151iskolai tanulm\u00e1nyaim v\u00e9g\u00e9n munkahelyet kerestem magamnak. A tanulm\u00e1nyi oszt\u00e1lyon aj\u00e1nlottak egy iskol\u00e1t, amely a lak\u00f3helyem k\u00f6zel\u00e9ben volt. T\u00f6k j\u00f3, gondoltam, legal\u00e1bb nem kell kor\u00e1n kelni. Mit ad Isten, \u00e9pp a r\u00e9gi iskol\u00e1m keresett tan\u00edt\u00f3t. (Megj.: hitem szerint v\u00e9letlen nincs)\u00a0<\/p>\r\n<p style=\"text-align: justify\">Egyszer csak azon vettem \u00e9szre magam, hogy ism\u00e9t itt vagyok a r\u00e9gi iskol\u00e1m el\u0151tt, \u00e9s ism\u00e9t f\u00e9l\u00e9nken l\u00e9pek be a kapun. \u00dajra itt vagyok, csak m\u00e1s szerepben. A szerepv\u00e1lt\u00e1st k\u00e9s\u0151bb sokszor kellett tudatos\u00edtanom magamban. \u00c9letkorban nem volt sok k\u00fcl\u00f6nbs\u00e9g k\u00f6ztem \u00e9s a fels\u0151s di\u00e1kok k\u00f6z\u00f6tt, m\u00e9gis a versike, amit n\u00e9h\u00e1ny sorral f\u00f6ljebb id\u00e9ztem, m\u00e1r m\u00e1sk\u00e9nt hangzott: els\u0151 nap az iskol\u00e1ban, padban \u00fclnek, figyelnek \u2026R\u00e1m! Izgalmas id\u0151szak kezd\u0151d\u00f6tt az \u00e9letemben. T\u00fal fiatal \u00e9s t\u00fal \u00e9retlen voltam ahhoz, amit elv\u00e1rtak t\u0151lem, hogy azonnal n\u0151jek fel a feladathoz. N\u00e9ha \u00fagy viselkedtem, mint di\u00e1kjaim k\u00f6z\u00fcl a legelevenebbek, n\u00e9ha pedig komoly pedag\u00f3gusk\u00e9nt adtam el\u0151 magam. Legal\u00e1bbis igyekeztem. A szerepek gyakran cser\u00e9l\u0151dtek\u2026 :) Telt az id\u0151, \u00e9s \u00e9n egyre otthonosabban \u00e9reztem magam az \u00faj helyzetemben. Ehhez persze hozz\u00e1seg\u00edtettek koll\u00e9g\u00e1im, \u2013 k\u00f6z\u00fcl\u00fck sokan kor\u00e1bban tan\u00e1raim - n\u00e9hol szeretettel, n\u00e9hol komoly letol\u00e1ssal \u201chelyre tettek\u201d. Tudj\u00e1tok h\u00e1nyszor \u00e1lltam a sz\u0151nyeg sz\u00e9l\u00e9n az igazgat\u00f3n\u0151 el\u0151tt? Ne tal\u00e1lgassatok, sokszor. Persze, \u00e9n mindent meg is tettem \u00e9rte, amit tudtam. Egyszer, \u00f3ra ut\u00e1n bandukoltam be a tan\u00e1riba, mikor r\u00e1m ripakodott egy koll\u00e9g\u00e1m: <em>\u201e megmondtam m\u00e1r ezerszer, hogy di\u00e1knak nincs helye a tan\u00e1riban!\u201d<\/em> Erre \u00e9n: de Zsuzsa n\u00e9ni, \u00e9n csak a napl\u00f3mat hoztam be. V\u00e1lasz:\u201d bocs Andika, elfelejtettem\u2026.\u201d<\/p>\r\n<p style=\"text-align: justify\">M\u00e1r r\u00e9g nem tan\u00edtok, de sz\u00edvesen eml\u00e9kszem ezekre az \u00e9vekre, hisz ez az iskola gyerekk\u00e9nt az ismeretek, feln\u0151ttk\u00e9nt \u00f6nmagam megismer\u00e9s\u00e9nek sz\u00ednhelye volt. Na, itt a v\u00e9g\u00e9n az\u00e9rt csak - csak megjelent a r\u00e1m egy\u00e1ltal\u00e1n nem jellemz\u0151 szentimentalizmus!\u00a0<\/p>\r\n<p style=\"text-align: justify\">FOLYT. K\u00d6V.!\u00a0<\/p>\r\n<p style=\"text-align: justify\">\u00a0<\/p>\r\n<p style=\"text-align: justify\">\u00a0<\/p>\r\n<p style=\"text-align: justify\">\u00a0<\/p>","type":"rich","thumbnail_url":"https:\/\/moravcsikandi.cafeblog.hu\/files\/2018\/01\/tanar-150x150.jpg","thumbnail_width":150,"thumbnail_height":150}